{"id":1711,"date":"2026-03-03T18:19:07","date_gmt":"2026-03-03T18:19:07","guid":{"rendered":"https:\/\/der-photograph.at\/immo\/services\/"},"modified":"2026-04-01T15:47:28","modified_gmt":"2026-04-01T15:47:28","slug":"services","status":"publish","type":"page","link":"https:\/\/der-photograph.at\/immo\/","title":{"rendered":"Services"},"content":{"rendered":"\t\t<div data-elementor-type=\"wp-page\" data-elementor-id=\"1711\" class=\"elementor elementor-1711\">\n\t\t\t\t<div class=\"elementor-element elementor-element-ed5342b e-flex e-con-boxed e-con e-parent\" data-id=\"ed5342b\" data-element_type=\"container\" data-e-type=\"container\" data-settings=\"{&quot;background_background&quot;:&quot;classic&quot;}\">\n\t\t\t\t\t<div class=\"e-con-inner\">\n\t\t<div class=\"elementor-element elementor-element-0c73a23 e-con-full e-flex e-con e-child\" data-id=\"0c73a23\" data-element_type=\"container\" data-e-type=\"container\">\n\t\t\t\t<\/div>\n\t\t\t\t\t<\/div>\n\t\t\t\t<\/div>\n\t\t<div class=\"elementor-element elementor-element-42c00b6 e-flex e-con-boxed e-con e-parent\" data-id=\"42c00b6\" data-element_type=\"container\" data-e-type=\"container\">\n\t\t\t\t\t<div class=\"e-con-inner\">\n\t\t\t\t<div class=\"elementor-element elementor-element-db4e9fa elementor-widget elementor-widget-image\" data-id=\"db4e9fa\" data-element_type=\"widget\" data-e-type=\"widget\" data-widget_type=\"image.default\">\n\t\t\t\t<div class=\"elementor-widget-container\">\n\t\t\t\t\t\t\t\t\t\t\t\t\t\t\t<img fetchpriority=\"high\" decoding=\"async\" width=\"982\" height=\"477\" src=\"https:\/\/der-photograph.at\/immo\/wp-content\/uploads\/2026\/03\/zuVermieten.png\" class=\"attachment-full size-full wp-image-2703\" alt=\"zuvermieten\" srcset=\"https:\/\/der-photograph.at\/immo\/wp-content\/uploads\/2026\/03\/zuVermieten.png 982w, https:\/\/der-photograph.at\/immo\/wp-content\/uploads\/2026\/03\/zuVermieten-300x146.png 300w, https:\/\/der-photograph.at\/immo\/wp-content\/uploads\/2026\/03\/zuVermieten-768x373.png 768w\" sizes=\"(max-width: 982px) 100vw, 982px\" title=\"Services\">\t\t\t\t\t\t\t\t\t\t\t\t\t\t\t<\/div>\n\t\t\t\t<\/div>\n\t\t\t\t\t<\/div>\n\t\t\t\t<\/div>\n\t\t<div class=\"elementor-element elementor-element-96169a5 e-flex e-con-boxed e-con e-parent\" data-id=\"96169a5\" data-element_type=\"container\" data-e-type=\"container\">\n\t\t\t\t\t<div class=\"e-con-inner\">\n\t\t\t\t<div class=\"elementor-element elementor-element-a9ce85c elementor-widget elementor-widget-heading\" data-id=\"a9ce85c\" data-element_type=\"widget\" data-e-type=\"widget\" data-widget_type=\"heading.default\">\n\t\t\t\t<div class=\"elementor-widget-container\">\n\t\t\t\t\t<h2 class=\"elementor-heading-title elementor-size-default\">Viel Raum f\u00fcr Ideen, Projekte und Unternehmen.<br>Sofort einziehen &amp; loslegen<\/h2>\t\t\t\t<\/div>\n\t\t\t\t<\/div>\n\t\t\t\t\t<\/div>\n\t\t\t\t<\/div>\n\t\t<div class=\"elementor-element elementor-element-3a67acb e-flex e-con-boxed e-con e-parent\" data-id=\"3a67acb\" data-element_type=\"container\" data-e-type=\"container\">\n\t\t\t\t\t<div class=\"e-con-inner\">\n\t\t\t\t<div class=\"elementor-element elementor-element-267c783 elementor-widget elementor-widget-text-editor\" data-id=\"267c783\" data-element_type=\"widget\" data-e-type=\"widget\" data-widget_type=\"text-editor.default\">\n\t\t\t\t<div class=\"elementor-widget-container\">\n\t\t\t\t\t\t\t\t\t<p>Nach vielen Jahren als Fotostudio wird diese Immobilie mit gro\u00dfz\u00fcgigem Raumangebot in Bisamberg nun neu<\/p><p>genutzt. Ich vermiete die Fl\u00e4che flexibel an Unternehmen, Kreative oder Handwerksbetriebe.<br data-start=\"519\" data-end=\"522\" \/>Direkt vom Eigent\u00fcmer, ohne Provision \u2013 unkompliziert und zu fairen Konditionen.<\/p>\t\t\t\t\t\t\t\t<\/div>\n\t\t\t\t<\/div>\n\t\t\t\t\t<\/div>\n\t\t\t\t<\/div>\n\t\t<div class=\"elementor-element elementor-element-b069d22 e-flex e-con-boxed e-con e-parent\" data-id=\"b069d22\" data-element_type=\"container\" data-e-type=\"container\">\n\t\t\t\t\t<div class=\"e-con-inner\">\n\t\t<div class=\"elementor-element elementor-element-56a4564 e-con-full e-flex e-con e-child\" data-id=\"56a4564\" data-element_type=\"container\" data-e-type=\"container\">\n\t\t\t\t<div class=\"elementor-element elementor-element-f08356f elementor-widget elementor-widget-hfe-infocard\" data-id=\"f08356f\" data-element_type=\"widget\" data-e-type=\"widget\" data-widget_type=\"hfe-infocard.default\">\n\t\t\t\t<div class=\"elementor-widget-container\">\n\t\t\t\t\t\n\t\t<div class=\"hfe-infocard\">\n\t\t\t\t\t\t\t\t\t<div class=\"hfe-infocard-title-wrap\">\n\t\t\t\t<h3 class=\"hfe-infocard-title elementor-inline-editing\" data-elementor-setting-key=\"infocard_title\" data-elementor-inline-editing-toolbar=\"basic\" >Der Arbeitsbereich mit Galerie &amp; Eingang zur K\u00fcche<\/h3>\t\t\t<\/div>\n\t\t\t\t\t\t<div class=\"hfe-infocard-text-wrap\">\n\t\t\t\t<div class=\"hfe-infocard-text elementor-inline-editing\" data-elementor-setting-key=\"infocard_description\" data-elementor-inline-editing-toolbar=\"advanced\">\n\t\t\t\t\tEin lichtdurchfluteter, flexibel nutzbarer Arbeitsbereich mit klarer Struktur und viel Raum f\u00fcr Ideen. Die offene Galerie schafft zus\u00e4tzlichen Stauraum und verleiht dem Studio architektonischen Charakter. Im Hintergrund befindet sich die voll ausgestattete K\u00fcche \u2013 ideal f\u00fcr Food-Produktionen, Workshops oder Events. Die Kombination aus professioneller Infrastruktur und wohnlicher Atmosph\u00e4re macht diesen Bereich besonders vielseitig.\t\t\t\t<\/div>\n\t\t\t\t\t\t\t<\/div>\n\t\t<\/div>\n\n\t\t\t\t\t\t<\/div>\n\t\t\t\t<\/div>\n\t\t\t\t<\/div>\n\t\t<div class=\"elementor-element elementor-element-dffccf7 e-con-full e-flex e-con e-child\" data-id=\"dffccf7\" data-element_type=\"container\" data-e-type=\"container\">\n\t\t\t\t<div class=\"elementor-element elementor-element-a48b651 elementor-widget__width-initial elementor-widget elementor-widget-image\" data-id=\"a48b651\" data-element_type=\"widget\" data-e-type=\"widget\" data-widget_type=\"image.default\">\n\t\t\t\t<div class=\"elementor-widget-container\">\n\t\t\t\t\t\t\t\t\t\t\t\t\t\t\t<img decoding=\"async\" width=\"1772\" height=\"1183\" src=\"https:\/\/der-photograph.at\/immo\/wp-content\/uploads\/2026\/03\/BIB_4057.jpg\" class=\"attachment-full size-full wp-image-2434\" alt=\"bib 4057\" srcset=\"https:\/\/der-photograph.at\/immo\/wp-content\/uploads\/2026\/03\/BIB_4057.jpg 1772w, https:\/\/der-photograph.at\/immo\/wp-content\/uploads\/2026\/03\/BIB_4057-300x200.jpg 300w, https:\/\/der-photograph.at\/immo\/wp-content\/uploads\/2026\/03\/BIB_4057-1024x684.jpg 1024w, https:\/\/der-photograph.at\/immo\/wp-content\/uploads\/2026\/03\/BIB_4057-768x513.jpg 768w, https:\/\/der-photograph.at\/immo\/wp-content\/uploads\/2026\/03\/BIB_4057-1536x1025.jpg 1536w\" sizes=\"(max-width: 1772px) 100vw, 1772px\" title=\"Services\">\t\t\t\t\t\t\t\t\t\t\t\t\t\t\t<\/div>\n\t\t\t\t<\/div>\n\t\t\t\t<div class=\"elementor-element elementor-element-1378a82 elementor-widget elementor-widget-image\" data-id=\"1378a82\" data-element_type=\"widget\" data-e-type=\"widget\" data-widget_type=\"image.default\">\n\t\t\t\t<div class=\"elementor-widget-container\">\n\t\t\t\t\t\t\t\t\t\t\t\t\t\t\t<img decoding=\"async\" width=\"1024\" height=\"768\" src=\"https:\/\/der-photograph.at\/immo\/wp-content\/uploads\/2026\/03\/IMG_6418n-1024x768.jpg\" class=\"attachment-large size-large wp-image-2619\" alt=\"img 6418n\" srcset=\"https:\/\/der-photograph.at\/immo\/wp-content\/uploads\/2026\/03\/IMG_6418n-1024x768.jpg 1024w, https:\/\/der-photograph.at\/immo\/wp-content\/uploads\/2026\/03\/IMG_6418n-300x225.jpg 300w, https:\/\/der-photograph.at\/immo\/wp-content\/uploads\/2026\/03\/IMG_6418n-768x576.jpg 768w, https:\/\/der-photograph.at\/immo\/wp-content\/uploads\/2026\/03\/IMG_6418n-1536x1152.jpg 1536w, https:\/\/der-photograph.at\/immo\/wp-content\/uploads\/2026\/03\/IMG_6418n.jpg 1772w\" sizes=\"(max-width: 1024px) 100vw, 1024px\" title=\"Services\">\t\t\t\t\t\t\t\t\t\t\t\t\t\t\t<\/div>\n\t\t\t\t<\/div>\n\t\t\t\t<div class=\"elementor-element elementor-element-d2761b0 elementor-widget elementor-widget-image\" data-id=\"d2761b0\" data-element_type=\"widget\" data-e-type=\"widget\" data-widget_type=\"image.default\">\n\t\t\t\t<div class=\"elementor-widget-container\">\n\t\t\t\t\t\t\t\t\t\t\t\t\t\t\t<img loading=\"lazy\" decoding=\"async\" width=\"1024\" height=\"768\" src=\"https:\/\/der-photograph.at\/immo\/wp-content\/uploads\/2026\/03\/IMG_6421-1024x768.jpg\" class=\"attachment-large size-large wp-image-2597\" alt=\"img 6421\" srcset=\"https:\/\/der-photograph.at\/immo\/wp-content\/uploads\/2026\/03\/IMG_6421-1024x768.jpg 1024w, https:\/\/der-photograph.at\/immo\/wp-content\/uploads\/2026\/03\/IMG_6421-300x225.jpg 300w, https:\/\/der-photograph.at\/immo\/wp-content\/uploads\/2026\/03\/IMG_6421-768x576.jpg 768w, https:\/\/der-photograph.at\/immo\/wp-content\/uploads\/2026\/03\/IMG_6421-1536x1152.jpg 1536w, https:\/\/der-photograph.at\/immo\/wp-content\/uploads\/2026\/03\/IMG_6421-2048x1536.jpg 2048w\" sizes=\"(max-width: 1024px) 100vw, 1024px\" title=\"Services\">\t\t\t\t\t\t\t\t\t\t\t\t\t\t\t<\/div>\n\t\t\t\t<\/div>\n\t\t\t\t<\/div>\n\t\t\t\t\t<\/div>\n\t\t\t\t<\/div>\n\t\t<div class=\"elementor-element elementor-element-4ea6c66 e-flex e-con-boxed e-con e-parent\" data-id=\"4ea6c66\" data-element_type=\"container\" data-e-type=\"container\">\n\t\t\t\t\t<div class=\"e-con-inner\">\n\t\t<div class=\"elementor-element elementor-element-6880e43 e-con-full e-flex e-con e-child\" data-id=\"6880e43\" data-element_type=\"container\" data-e-type=\"container\">\n\t\t\t\t<div class=\"elementor-element elementor-element-f51149a elementor-widget elementor-widget-image\" data-id=\"f51149a\" data-element_type=\"widget\" data-e-type=\"widget\" data-widget_type=\"image.default\">\n\t\t\t\t<div class=\"elementor-widget-container\">\n\t\t\t\t\t\t\t\t\t\t\t\t\t\t\t<img loading=\"lazy\" decoding=\"async\" width=\"1024\" height=\"683\" src=\"https:\/\/der-photograph.at\/immo\/wp-content\/uploads\/2026\/03\/BIB_4056-1024x683.jpg\" class=\"attachment-large size-large wp-image-2433\" alt=\"bib 4056\" srcset=\"https:\/\/der-photograph.at\/immo\/wp-content\/uploads\/2026\/03\/BIB_4056-1024x683.jpg 1024w, https:\/\/der-photograph.at\/immo\/wp-content\/uploads\/2026\/03\/BIB_4056-300x200.jpg 300w, https:\/\/der-photograph.at\/immo\/wp-content\/uploads\/2026\/03\/BIB_4056-768x512.jpg 768w, https:\/\/der-photograph.at\/immo\/wp-content\/uploads\/2026\/03\/BIB_4056-1536x1025.jpg 1536w, https:\/\/der-photograph.at\/immo\/wp-content\/uploads\/2026\/03\/BIB_4056.jpg 1772w\" sizes=\"(max-width: 1024px) 100vw, 1024px\" title=\"Services\">\t\t\t\t\t\t\t\t\t\t\t\t\t\t\t<\/div>\n\t\t\t\t<\/div>\n\t\t\t\t<div class=\"elementor-element elementor-element-b8eafe7 elementor-widget elementor-widget-image\" data-id=\"b8eafe7\" data-element_type=\"widget\" data-e-type=\"widget\" data-widget_type=\"image.default\">\n\t\t\t\t<div class=\"elementor-widget-container\">\n\t\t\t\t\t\t\t\t\t\t\t\t\t\t\t<img loading=\"lazy\" decoding=\"async\" width=\"1024\" height=\"768\" src=\"https:\/\/der-photograph.at\/immo\/wp-content\/uploads\/2026\/03\/IMG_6426-1024x768.jpg\" class=\"attachment-large size-large wp-image-2598\" alt=\"img 6426\" srcset=\"https:\/\/der-photograph.at\/immo\/wp-content\/uploads\/2026\/03\/IMG_6426-1024x768.jpg 1024w, https:\/\/der-photograph.at\/immo\/wp-content\/uploads\/2026\/03\/IMG_6426-300x225.jpg 300w, https:\/\/der-photograph.at\/immo\/wp-content\/uploads\/2026\/03\/IMG_6426-768x576.jpg 768w, https:\/\/der-photograph.at\/immo\/wp-content\/uploads\/2026\/03\/IMG_6426-1536x1152.jpg 1536w, https:\/\/der-photograph.at\/immo\/wp-content\/uploads\/2026\/03\/IMG_6426-2048x1536.jpg 2048w\" sizes=\"(max-width: 1024px) 100vw, 1024px\" title=\"Services\">\t\t\t\t\t\t\t\t\t\t\t\t\t\t\t<\/div>\n\t\t\t\t<\/div>\n\t\t\t\t<div class=\"elementor-element elementor-element-a4ddfb6 elementor-widget elementor-widget-image\" data-id=\"a4ddfb6\" data-element_type=\"widget\" data-e-type=\"widget\" data-widget_type=\"image.default\">\n\t\t\t\t<div class=\"elementor-widget-container\">\n\t\t\t\t\t\t\t\t\t\t\t\t\t\t\t<img loading=\"lazy\" decoding=\"async\" width=\"1024\" height=\"768\" src=\"https:\/\/der-photograph.at\/immo\/wp-content\/uploads\/2026\/03\/IMG_6413-1024x768.jpg\" class=\"attachment-large size-large wp-image-2592\" alt=\"img 6413\" srcset=\"https:\/\/der-photograph.at\/immo\/wp-content\/uploads\/2026\/03\/IMG_6413-1024x768.jpg 1024w, https:\/\/der-photograph.at\/immo\/wp-content\/uploads\/2026\/03\/IMG_6413-300x225.jpg 300w, https:\/\/der-photograph.at\/immo\/wp-content\/uploads\/2026\/03\/IMG_6413-768x576.jpg 768w, https:\/\/der-photograph.at\/immo\/wp-content\/uploads\/2026\/03\/IMG_6413-1536x1152.jpg 1536w, https:\/\/der-photograph.at\/immo\/wp-content\/uploads\/2026\/03\/IMG_6413-2048x1536.jpg 2048w\" sizes=\"(max-width: 1024px) 100vw, 1024px\" title=\"Services\">\t\t\t\t\t\t\t\t\t\t\t\t\t\t\t<\/div>\n\t\t\t\t<\/div>\n\t\t\t\t<\/div>\n\t\t<div class=\"elementor-element elementor-element-1d599f0 e-con-full e-flex e-con e-child\" data-id=\"1d599f0\" data-element_type=\"container\" data-e-type=\"container\">\n\t\t\t\t<div class=\"elementor-element elementor-element-d6643db elementor-widget elementor-widget-hfe-infocard\" data-id=\"d6643db\" data-element_type=\"widget\" data-e-type=\"widget\" data-widget_type=\"hfe-infocard.default\">\n\t\t\t\t<div class=\"elementor-widget-container\">\n\t\t\t\t\t\n\t\t<div class=\"hfe-infocard\">\n\t\t\t\t\t\t\t\t\t<div class=\"hfe-infocard-title-wrap\">\n\t\t\t\t<h3 class=\"hfe-infocard-title elementor-inline-editing\" data-elementor-setting-key=\"infocard_title\" data-elementor-inline-editing-toolbar=\"basic\" >Studio &amp; Lagerraum<\/h3>\t\t\t<\/div>\n\t\t\t\t\t\t<div class=\"hfe-infocard-text-wrap\">\n\t\t\t\t<div class=\"hfe-infocard-text elementor-inline-editing\" data-elementor-setting-key=\"infocard_description\" data-elementor-inline-editing-toolbar=\"advanced\">\n\t\t\t\t\t<p>Der separate Shootingbereich bietet ideale Voraussetzungen f\u00fcr professionelle Produktionen. Ob Produktfotografie, People-Shooting oder Video \u2013 hier entsteht ein klarer, reduzierter Look mit maximaler Flexibilit\u00e4t. Die gro\u00dfz\u00fcgige Fl\u00e4che erlaubt auch gr\u00f6\u00dfere Aufbauten oder mehrere Setups gleichzeitig oder ist einfach nur ein Lagerraum, der f\u00fcr alle anderen Gewerbe gut gen\u00fctzt werden kann. 15 x 8m, 5,5m H\u00f6he, LKW-Einfahrt<\/p>\t\t\t\t<\/div>\n\t\t\t\t\t\t\t<\/div>\n\t\t<\/div>\n\n\t\t\t\t\t\t<\/div>\n\t\t\t\t<\/div>\n\t\t\t\t<\/div>\n\t\t\t\t\t<\/div>\n\t\t\t\t<\/div>\n\t\t<div class=\"elementor-element elementor-element-6d214f7 e-flex e-con-boxed e-con e-parent\" data-id=\"6d214f7\" data-element_type=\"container\" data-e-type=\"container\">\n\t\t\t\t\t<div class=\"e-con-inner\">\n\t\t<div class=\"elementor-element elementor-element-47189ec e-con-full e-flex e-con e-child\" data-id=\"47189ec\" data-element_type=\"container\" data-e-type=\"container\">\n\t\t\t\t<div class=\"elementor-element elementor-element-fc5237a elementor-widget elementor-widget-hfe-infocard\" data-id=\"fc5237a\" data-element_type=\"widget\" data-e-type=\"widget\" data-widget_type=\"hfe-infocard.default\">\n\t\t\t\t<div class=\"elementor-widget-container\">\n\t\t\t\t\t\n\t\t<div class=\"hfe-infocard\">\n\t\t\t\t\t\t\t\t\t<div class=\"hfe-infocard-title-wrap\">\n\t\t\t\t<h3 class=\"hfe-infocard-title elementor-inline-editing\" data-elementor-setting-key=\"infocard_title\" data-elementor-inline-editing-toolbar=\"basic\" >B\u00fcro &amp; Nebengeb\u00e4ude<\/h3>\t\t\t<\/div>\n\t\t\t\t\t\t<div class=\"hfe-infocard-text-wrap\">\n\t\t\t\t<div class=\"hfe-infocard-text elementor-inline-editing\" data-elementor-setting-key=\"infocard_description\" data-elementor-inline-editing-toolbar=\"advanced\">\n\t\t\t\t\t<p>Heller, lichtdurchfluteter B\u00fcroraum im Nebengeb\u00e4ude \u2013 ideal f\u00fcr konzentriertes Arbeiten oder kreative T\u00e4tigkeiten. Gro\u00dfe Fenster sorgen f\u00fcr eine angenehme, freundliche Atmosph\u00e4re und viel Tageslicht. Der Raum eignet sich perfekt als Office, Atelier oder ruhiger Arbeitsplatz abseits des Hauptbereichs.Im Nebengeb\u00e4ude befinden sich zudem ein separates WC, ein Badezimmer mit Dusche sowie ein praktischer Abstellraum.<\/p>\t\t\t\t<\/div>\n\t\t\t\t\t\t\t<\/div>\n\t\t<\/div>\n\n\t\t\t\t\t\t<\/div>\n\t\t\t\t<\/div>\n\t\t\t\t<\/div>\n\t\t<div class=\"elementor-element elementor-element-e0dacc0 e-con-full e-flex e-con e-child\" data-id=\"e0dacc0\" data-element_type=\"container\" data-e-type=\"container\">\n\t\t\t\t<div class=\"elementor-element elementor-element-e56c3c6 elementor-widget elementor-widget-image\" data-id=\"e56c3c6\" data-element_type=\"widget\" data-e-type=\"widget\" data-widget_type=\"image.default\">\n\t\t\t\t<div class=\"elementor-widget-container\">\n\t\t\t\t\t\t\t\t\t\t\t\t\t\t\t<img loading=\"lazy\" decoding=\"async\" width=\"1024\" height=\"684\" src=\"https:\/\/der-photograph.at\/immo\/wp-content\/uploads\/2026\/03\/BIB_4059-1024x684.jpg\" class=\"attachment-large size-large wp-image-2436\" alt=\"bib 4059\" srcset=\"https:\/\/der-photograph.at\/immo\/wp-content\/uploads\/2026\/03\/BIB_4059-1024x684.jpg 1024w, https:\/\/der-photograph.at\/immo\/wp-content\/uploads\/2026\/03\/BIB_4059-300x200.jpg 300w, https:\/\/der-photograph.at\/immo\/wp-content\/uploads\/2026\/03\/BIB_4059-768x513.jpg 768w, https:\/\/der-photograph.at\/immo\/wp-content\/uploads\/2026\/03\/BIB_4059-1536x1025.jpg 1536w, https:\/\/der-photograph.at\/immo\/wp-content\/uploads\/2026\/03\/BIB_4059.jpg 1772w\" sizes=\"(max-width: 1024px) 100vw, 1024px\" title=\"Services\">\t\t\t\t\t\t\t\t\t\t\t\t\t\t\t<\/div>\n\t\t\t\t<\/div>\n\t\t\t\t<div class=\"elementor-element elementor-element-6ff5251 elementor-widget elementor-widget-image\" data-id=\"6ff5251\" data-element_type=\"widget\" data-e-type=\"widget\" data-widget_type=\"image.default\">\n\t\t\t\t<div class=\"elementor-widget-container\">\n\t\t\t\t\t\t\t\t\t\t\t\t\t\t\t<img loading=\"lazy\" decoding=\"async\" width=\"1024\" height=\"768\" src=\"https:\/\/der-photograph.at\/immo\/wp-content\/uploads\/2026\/03\/IMG_6443-1-1024x768.jpg\" class=\"attachment-large size-large wp-image-2610\" alt=\"img 6443 (1)\" srcset=\"https:\/\/der-photograph.at\/immo\/wp-content\/uploads\/2026\/03\/IMG_6443-1-1024x768.jpg 1024w, https:\/\/der-photograph.at\/immo\/wp-content\/uploads\/2026\/03\/IMG_6443-1-300x225.jpg 300w, https:\/\/der-photograph.at\/immo\/wp-content\/uploads\/2026\/03\/IMG_6443-1-768x576.jpg 768w, https:\/\/der-photograph.at\/immo\/wp-content\/uploads\/2026\/03\/IMG_6443-1-1536x1152.jpg 1536w, https:\/\/der-photograph.at\/immo\/wp-content\/uploads\/2026\/03\/IMG_6443-1-2048x1536.jpg 2048w\" sizes=\"(max-width: 1024px) 100vw, 1024px\" title=\"Services\">\t\t\t\t\t\t\t\t\t\t\t\t\t\t\t<\/div>\n\t\t\t\t<\/div>\n\t\t\t\t<div class=\"elementor-element elementor-element-9835df3 elementor-widget elementor-widget-image\" data-id=\"9835df3\" data-element_type=\"widget\" data-e-type=\"widget\" data-widget_type=\"image.default\">\n\t\t\t\t<div class=\"elementor-widget-container\">\n\t\t\t\t\t\t\t\t\t\t\t\t\t\t\t<img loading=\"lazy\" decoding=\"async\" width=\"1024\" height=\"768\" src=\"https:\/\/der-photograph.at\/immo\/wp-content\/uploads\/2026\/03\/IMG_6440-1024x768.jpg\" class=\"attachment-large size-large wp-image-2607\" alt=\"img 6440\" srcset=\"https:\/\/der-photograph.at\/immo\/wp-content\/uploads\/2026\/03\/IMG_6440-1024x768.jpg 1024w, https:\/\/der-photograph.at\/immo\/wp-content\/uploads\/2026\/03\/IMG_6440-300x225.jpg 300w, https:\/\/der-photograph.at\/immo\/wp-content\/uploads\/2026\/03\/IMG_6440-768x576.jpg 768w, https:\/\/der-photograph.at\/immo\/wp-content\/uploads\/2026\/03\/IMG_6440-1536x1152.jpg 1536w, https:\/\/der-photograph.at\/immo\/wp-content\/uploads\/2026\/03\/IMG_6440-2048x1536.jpg 2048w\" sizes=\"(max-width: 1024px) 100vw, 1024px\" title=\"Services\">\t\t\t\t\t\t\t\t\t\t\t\t\t\t\t<\/div>\n\t\t\t\t<\/div>\n\t\t\t\t<\/div>\n\t\t\t\t\t<\/div>\n\t\t\t\t<\/div>\n\t\t<div class=\"elementor-element elementor-element-e24b3ce e-flex e-con-boxed e-con e-parent\" data-id=\"e24b3ce\" data-element_type=\"container\" data-e-type=\"container\">\n\t\t\t\t\t<div class=\"e-con-inner\">\n\t\t<div class=\"elementor-element elementor-element-3d659f4 e-con-full e-flex e-con e-child\" data-id=\"3d659f4\" data-element_type=\"container\" data-e-type=\"container\">\n\t\t\t\t<div class=\"elementor-element elementor-element-f426d2c elementor-widget elementor-widget-hfe-infocard\" data-id=\"f426d2c\" data-element_type=\"widget\" data-e-type=\"widget\" data-widget_type=\"hfe-infocard.default\">\n\t\t\t\t<div class=\"elementor-widget-container\">\n\t\t\t\t\t\n\t\t<div class=\"hfe-infocard\">\n\t\t\t\t\t\t\t\t\t<div class=\"hfe-infocard-title-wrap\">\n\t\t\t\t<h3 class=\"hfe-infocard-title elementor-inline-editing\" data-elementor-setting-key=\"infocard_title\" data-elementor-inline-editing-toolbar=\"basic\" >K\u00fcche<\/h3>\t\t\t<\/div>\n\t\t\t\t\t\t<div class=\"hfe-infocard-text-wrap\">\n\t\t\t\t<div class=\"hfe-infocard-text elementor-inline-editing\" data-elementor-setting-key=\"infocard_description\" data-elementor-inline-editing-toolbar=\"advanced\">\n\t\t\t\t\tVoll ausgestattete K\u00fcche, urspr\u00fcnglich als Test- und Produktionsk\u00fcche f\u00fcr Kochbuch-Rezepte genutzt, heute vielseitig einsetzbar \u2013 ideal zum Kochen, Vorbereiten von Speisen oder f\u00fcr die Nutzung im Arbeitsalltag.\t\t\t\t<\/div>\n\t\t\t\t\t\t\t<\/div>\n\t\t<\/div>\n\n\t\t\t\t\t\t<\/div>\n\t\t\t\t<\/div>\n\t\t\t\t<\/div>\n\t\t<div class=\"elementor-element elementor-element-d8acb3b e-con-full e-flex e-con e-child\" data-id=\"d8acb3b\" data-element_type=\"container\" data-e-type=\"container\">\n\t\t\t\t<div class=\"elementor-element elementor-element-d8f34df elementor-widget elementor-widget-image\" data-id=\"d8f34df\" data-element_type=\"widget\" data-e-type=\"widget\" data-widget_type=\"image.default\">\n\t\t\t\t<div class=\"elementor-widget-container\">\n\t\t\t\t\t\t\t\t\t\t\t\t\t\t\t<img loading=\"lazy\" decoding=\"async\" width=\"1024\" height=\"684\" src=\"https:\/\/der-photograph.at\/immo\/wp-content\/uploads\/2026\/03\/BIB_4058-1024x684.jpg\" class=\"attachment-large size-large wp-image-2435\" alt=\"bib 4058\" srcset=\"https:\/\/der-photograph.at\/immo\/wp-content\/uploads\/2026\/03\/BIB_4058-1024x684.jpg 1024w, https:\/\/der-photograph.at\/immo\/wp-content\/uploads\/2026\/03\/BIB_4058-300x200.jpg 300w, https:\/\/der-photograph.at\/immo\/wp-content\/uploads\/2026\/03\/BIB_4058-768x513.jpg 768w, https:\/\/der-photograph.at\/immo\/wp-content\/uploads\/2026\/03\/BIB_4058-1536x1025.jpg 1536w, https:\/\/der-photograph.at\/immo\/wp-content\/uploads\/2026\/03\/BIB_4058.jpg 1772w\" sizes=\"(max-width: 1024px) 100vw, 1024px\" title=\"Services\">\t\t\t\t\t\t\t\t\t\t\t\t\t\t\t<\/div>\n\t\t\t\t<\/div>\n\t\t\t\t<div class=\"elementor-element elementor-element-bdccc0a elementor-widget elementor-widget-image\" data-id=\"bdccc0a\" data-element_type=\"widget\" data-e-type=\"widget\" data-widget_type=\"image.default\">\n\t\t\t\t<div class=\"elementor-widget-container\">\n\t\t\t\t\t\t\t\t\t\t\t\t\t\t\t<img loading=\"lazy\" decoding=\"async\" width=\"1024\" height=\"768\" src=\"https:\/\/der-photograph.at\/immo\/wp-content\/uploads\/2026\/03\/IMG_6444-1-1024x768.jpg\" class=\"attachment-large size-large wp-image-2611\" alt=\"img 6444 (1)\" srcset=\"https:\/\/der-photograph.at\/immo\/wp-content\/uploads\/2026\/03\/IMG_6444-1-1024x768.jpg 1024w, https:\/\/der-photograph.at\/immo\/wp-content\/uploads\/2026\/03\/IMG_6444-1-300x225.jpg 300w, https:\/\/der-photograph.at\/immo\/wp-content\/uploads\/2026\/03\/IMG_6444-1-768x576.jpg 768w, https:\/\/der-photograph.at\/immo\/wp-content\/uploads\/2026\/03\/IMG_6444-1-1536x1152.jpg 1536w, https:\/\/der-photograph.at\/immo\/wp-content\/uploads\/2026\/03\/IMG_6444-1-2048x1536.jpg 2048w\" sizes=\"(max-width: 1024px) 100vw, 1024px\" title=\"Services\">\t\t\t\t\t\t\t\t\t\t\t\t\t\t\t<\/div>\n\t\t\t\t<\/div>\n\t\t\t\t<div class=\"elementor-element elementor-element-4565cdd elementor-widget elementor-widget-image\" data-id=\"4565cdd\" data-element_type=\"widget\" data-e-type=\"widget\" data-widget_type=\"image.default\">\n\t\t\t\t<div class=\"elementor-widget-container\">\n\t\t\t\t\t\t\t\t\t\t\t\t\t\t\t<img loading=\"lazy\" decoding=\"async\" width=\"1024\" height=\"768\" src=\"https:\/\/der-photograph.at\/immo\/wp-content\/uploads\/2026\/03\/IMG_6430-1024x768.jpg\" class=\"attachment-large size-large wp-image-2601\" alt=\"img 6430\" srcset=\"https:\/\/der-photograph.at\/immo\/wp-content\/uploads\/2026\/03\/IMG_6430-1024x768.jpg 1024w, https:\/\/der-photograph.at\/immo\/wp-content\/uploads\/2026\/03\/IMG_6430-300x225.jpg 300w, https:\/\/der-photograph.at\/immo\/wp-content\/uploads\/2026\/03\/IMG_6430-768x576.jpg 768w, https:\/\/der-photograph.at\/immo\/wp-content\/uploads\/2026\/03\/IMG_6430-1536x1152.jpg 1536w, https:\/\/der-photograph.at\/immo\/wp-content\/uploads\/2026\/03\/IMG_6430-2048x1536.jpg 2048w\" sizes=\"(max-width: 1024px) 100vw, 1024px\" title=\"Services\">\t\t\t\t\t\t\t\t\t\t\t\t\t\t\t<\/div>\n\t\t\t\t<\/div>\n\t\t\t\t<\/div>\n\t\t\t\t\t<\/div>\n\t\t\t\t<\/div>\n\t\t<div class=\"elementor-element elementor-element-f245c49 e-flex e-con-boxed e-con e-parent\" data-id=\"f245c49\" data-element_type=\"container\" data-e-type=\"container\">\n\t\t\t\t\t<div class=\"e-con-inner\">\n\t\t<div class=\"elementor-element elementor-element-69c0057 e-con-full e-flex e-con e-child\" data-id=\"69c0057\" data-element_type=\"container\" data-e-type=\"container\">\n\t\t\t\t<div class=\"elementor-element elementor-element-488d2d6 elementor-widget elementor-widget-hfe-infocard\" data-id=\"488d2d6\" data-element_type=\"widget\" data-e-type=\"widget\" data-widget_type=\"hfe-infocard.default\">\n\t\t\t\t<div class=\"elementor-widget-container\">\n\t\t\t\t\t\n\t\t<div class=\"hfe-infocard\">\n\t\t\t\t\t\t\t\t\t<div class=\"hfe-infocard-title-wrap\">\n\t\t\t\t<h3 class=\"hfe-infocard-title elementor-inline-editing\" data-elementor-setting-key=\"infocard_title\" data-elementor-inline-editing-toolbar=\"basic\" >Ansicht von aussen (Setzgasse 28)<\/h3>\t\t\t<\/div>\n\t\t\t\t\t\t<div class=\"hfe-infocard-text-wrap\">\n\t\t\t\t<div class=\"hfe-infocard-text elementor-inline-editing\" data-elementor-setting-key=\"infocard_description\" data-elementor-inline-editing-toolbar=\"advanced\">\n\t\t\t\t\tAu\u00dfenansicht des hellen, freistehenden Studiogeb\u00e4udes mit gro\u00dfz\u00fcgiger Zufahrt, mehreren Parkm\u00f6glichkeiten direkt vor dem Haus sowie bequemem Zugang \u00fcber Rampe und Tor \u2013 ruhig gelegen und gut erreichbar.\t\t\t\t<\/div>\n\t\t\t\t\t\t\t<\/div>\n\t\t<\/div>\n\n\t\t\t\t\t\t<\/div>\n\t\t\t\t<\/div>\n\t\t\t\t<\/div>\n\t\t<div class=\"elementor-element elementor-element-5358d23 e-con-full e-flex e-con e-child\" data-id=\"5358d23\" data-element_type=\"container\" data-e-type=\"container\">\n\t\t\t\t<div class=\"elementor-element elementor-element-a8c6b0c elementor-widget elementor-widget-image\" data-id=\"a8c6b0c\" data-element_type=\"widget\" data-e-type=\"widget\" data-widget_type=\"image.default\">\n\t\t\t\t<div class=\"elementor-widget-container\">\n\t\t\t\t\t\t\t\t\t\t\t\t\t\t\t<img loading=\"lazy\" decoding=\"async\" width=\"1024\" height=\"684\" src=\"https:\/\/der-photograph.at\/immo\/wp-content\/uploads\/2026\/03\/BIB_4063-1024x684.jpg\" class=\"attachment-large size-large wp-image-2438\" alt=\"bib 4063\" srcset=\"https:\/\/der-photograph.at\/immo\/wp-content\/uploads\/2026\/03\/BIB_4063-1024x684.jpg 1024w, https:\/\/der-photograph.at\/immo\/wp-content\/uploads\/2026\/03\/BIB_4063-300x200.jpg 300w, https:\/\/der-photograph.at\/immo\/wp-content\/uploads\/2026\/03\/BIB_4063-768x513.jpg 768w, https:\/\/der-photograph.at\/immo\/wp-content\/uploads\/2026\/03\/BIB_4063-1536x1025.jpg 1536w, https:\/\/der-photograph.at\/immo\/wp-content\/uploads\/2026\/03\/BIB_4063.jpg 1772w\" sizes=\"(max-width: 1024px) 100vw, 1024px\" title=\"Services\">\t\t\t\t\t\t\t\t\t\t\t\t\t\t\t<\/div>\n\t\t\t\t<\/div>\n\t\t\t\t<div class=\"elementor-element elementor-element-f7f3f7b elementor-widget elementor-widget-image\" data-id=\"f7f3f7b\" data-element_type=\"widget\" data-e-type=\"widget\" data-widget_type=\"image.default\">\n\t\t\t\t<div class=\"elementor-widget-container\">\n\t\t\t\t\t\t\t\t\t\t\t\t\t\t\t<img loading=\"lazy\" decoding=\"async\" width=\"1024\" height=\"745\" src=\"https:\/\/der-photograph.at\/immo\/wp-content\/uploads\/2026\/03\/bisamberg_studio2-1024x745.jpg\" class=\"attachment-large size-large wp-image-2612\" alt=\"bisamberg studio2\" srcset=\"https:\/\/der-photograph.at\/immo\/wp-content\/uploads\/2026\/03\/bisamberg_studio2-1024x745.jpg 1024w, https:\/\/der-photograph.at\/immo\/wp-content\/uploads\/2026\/03\/bisamberg_studio2-300x218.jpg 300w, https:\/\/der-photograph.at\/immo\/wp-content\/uploads\/2026\/03\/bisamberg_studio2-768x559.jpg 768w, https:\/\/der-photograph.at\/immo\/wp-content\/uploads\/2026\/03\/bisamberg_studio2.jpg 1457w\" sizes=\"(max-width: 1024px) 100vw, 1024px\" title=\"Services\">\t\t\t\t\t\t\t\t\t\t\t\t\t\t\t<\/div>\n\t\t\t\t<\/div>\n\t\t\t\t<\/div>\n\t\t\t\t\t<\/div>\n\t\t\t\t<\/div>\n\t\t<div class=\"elementor-element elementor-element-75a3c94 e-flex e-con-boxed e-con e-parent\" data-id=\"75a3c94\" data-element_type=\"container\" data-e-type=\"container\">\n\t\t\t\t\t<div class=\"e-con-inner\">\n\t\t<div class=\"elementor-element elementor-element-a1cff6c e-con-full e-flex e-con e-child\" data-id=\"a1cff6c\" data-element_type=\"container\" data-e-type=\"container\">\n\t\t\t\t<div class=\"elementor-element elementor-element-45f75e6 elementor-widget elementor-widget-hfe-infocard\" data-id=\"45f75e6\" data-element_type=\"widget\" data-e-type=\"widget\" data-widget_type=\"hfe-infocard.default\">\n\t\t\t\t<div class=\"elementor-widget-container\">\n\t\t\t\t\t\n\t\t<div class=\"hfe-infocard\">\n\t\t\t\t\t\t\t\t\t<div class=\"hfe-infocard-title-wrap\">\n\t\t\t\t<h3 class=\"hfe-infocard-title elementor-inline-editing\" data-elementor-setting-key=\"infocard_title\" data-elementor-inline-editing-toolbar=\"basic\" >Innenhof<\/h3>\t\t\t<\/div>\n\t\t\t\t\t\t<div class=\"hfe-infocard-text-wrap\">\n\t\t\t\t<div class=\"hfe-infocard-text elementor-inline-editing\" data-elementor-setting-key=\"infocard_description\" data-elementor-inline-editing-toolbar=\"advanced\">\n\t\t\t\t\tRuhiger, begr\u00fcnter Innenhof mit gem\u00fctlicher Terrasse \u2013 ideal f\u00fcr Pausen im Freien, kleine Meetings, kreative Arbeiten im Gr\u00fcnen oder als entspannter Aufenthaltsbereich f\u00fcr Mitarbeiter und G\u00e4ste.\t\t\t\t<\/div>\n\t\t\t\t\t\t\t<\/div>\n\t\t<\/div>\n\n\t\t\t\t\t\t<\/div>\n\t\t\t\t<\/div>\n\t\t\t\t<\/div>\n\t\t<div class=\"elementor-element elementor-element-531d599 e-con-full e-flex e-con e-child\" data-id=\"531d599\" data-element_type=\"container\" data-e-type=\"container\">\n\t\t\t\t<div class=\"elementor-element elementor-element-485ff67 elementor-widget elementor-widget-image\" data-id=\"485ff67\" data-element_type=\"widget\" data-e-type=\"widget\" data-widget_type=\"image.default\">\n\t\t\t\t<div class=\"elementor-widget-container\">\n\t\t\t\t\t\t\t\t\t\t\t\t\t\t\t<img loading=\"lazy\" decoding=\"async\" width=\"1024\" height=\"684\" src=\"https:\/\/der-photograph.at\/immo\/wp-content\/uploads\/2026\/03\/BIB_4093-1024x684.jpg\" class=\"attachment-large size-large wp-image-2504\" alt=\"bib 4093\" srcset=\"https:\/\/der-photograph.at\/immo\/wp-content\/uploads\/2026\/03\/BIB_4093-1024x684.jpg 1024w, https:\/\/der-photograph.at\/immo\/wp-content\/uploads\/2026\/03\/BIB_4093-300x200.jpg 300w, https:\/\/der-photograph.at\/immo\/wp-content\/uploads\/2026\/03\/BIB_4093-768x513.jpg 768w, https:\/\/der-photograph.at\/immo\/wp-content\/uploads\/2026\/03\/BIB_4093-1536x1025.jpg 1536w, https:\/\/der-photograph.at\/immo\/wp-content\/uploads\/2026\/03\/BIB_4093.jpg 1772w\" sizes=\"(max-width: 1024px) 100vw, 1024px\" title=\"Services\">\t\t\t\t\t\t\t\t\t\t\t\t\t\t\t<\/div>\n\t\t\t\t<\/div>\n\t\t\t\t<div class=\"elementor-element elementor-element-f61fd48 elementor-widget elementor-widget-image\" data-id=\"f61fd48\" data-element_type=\"widget\" data-e-type=\"widget\" data-widget_type=\"image.default\">\n\t\t\t\t<div class=\"elementor-widget-container\">\n\t\t\t\t\t\t\t\t\t\t\t\t\t\t\t<img loading=\"lazy\" decoding=\"async\" width=\"1024\" height=\"684\" src=\"https:\/\/der-photograph.at\/immo\/wp-content\/uploads\/2026\/03\/BIB_4059-1024x684.jpg\" class=\"attachment-large size-large wp-image-2436\" alt=\"bib 4059\" srcset=\"https:\/\/der-photograph.at\/immo\/wp-content\/uploads\/2026\/03\/BIB_4059-1024x684.jpg 1024w, https:\/\/der-photograph.at\/immo\/wp-content\/uploads\/2026\/03\/BIB_4059-300x200.jpg 300w, https:\/\/der-photograph.at\/immo\/wp-content\/uploads\/2026\/03\/BIB_4059-768x513.jpg 768w, https:\/\/der-photograph.at\/immo\/wp-content\/uploads\/2026\/03\/BIB_4059-1536x1025.jpg 1536w, https:\/\/der-photograph.at\/immo\/wp-content\/uploads\/2026\/03\/BIB_4059.jpg 1772w\" sizes=\"(max-width: 1024px) 100vw, 1024px\" title=\"Services\">\t\t\t\t\t\t\t\t\t\t\t\t\t\t\t<\/div>\n\t\t\t\t<\/div>\n\t\t\t\t<\/div>\n\t\t\t\t\t<\/div>\n\t\t\t\t<\/div>\n\t\t<div class=\"elementor-element elementor-element-af64c34 e-flex e-con-boxed e-con e-parent\" data-id=\"af64c34\" data-element_type=\"container\" data-e-type=\"container\">\n\t\t\t\t\t<div class=\"e-con-inner\">\n\t\t<div class=\"elementor-element elementor-element-c6991ef e-con-full e-flex e-con e-child\" data-id=\"c6991ef\" data-element_type=\"container\" data-e-type=\"container\">\n\t\t\t\t<div class=\"elementor-element elementor-element-36677ab elementor-widget elementor-widget-hfe-infocard\" data-id=\"36677ab\" data-element_type=\"widget\" data-e-type=\"widget\" data-widget_type=\"hfe-infocard.default\">\n\t\t\t\t<div class=\"elementor-widget-container\">\n\t\t\t\t\t\n\t\t<div class=\"hfe-infocard\">\n\t\t\t\t\t\t\t\t\t<div class=\"hfe-infocard-title-wrap\">\n\t\t\t\t<h3 class=\"hfe-infocard-title elementor-inline-editing\" data-elementor-setting-key=\"infocard_title\" data-elementor-inline-editing-toolbar=\"basic\" >Grundriss<\/h3>\t\t\t<\/div>\n\t\t\t\t\t\t<div class=\"hfe-infocard-text-wrap\">\n\t\t\t\t<div class=\"hfe-infocard-text elementor-inline-editing\" data-elementor-setting-key=\"infocard_description\" data-elementor-inline-editing-toolbar=\"advanced\">\n\t\t\t\t\tGrundrissplan des Studios und der Nebengeb\u00e4ude mit detaillierten Ma\u00dfangaben \u2013 bietet einen klaren \u00dcberblick \u00fcber Raumaufteilung, Nutzfl\u00e4chen und die vielseitigen Nutzungsm\u00f6glichkeiten der gesamten Immobilie.\t\t\t\t<\/div>\n\t\t\t\t\t\t\t<\/div>\n\t\t<\/div>\n\n\t\t\t\t\t\t<\/div>\n\t\t\t\t<\/div>\n\t\t\t\t<\/div>\n\t\t<div class=\"elementor-element elementor-element-483965b e-con-full e-flex e-con e-child\" data-id=\"483965b\" data-element_type=\"container\" data-e-type=\"container\">\n\t\t\t\t<div class=\"elementor-element elementor-element-d2d5abf elementor-widget elementor-widget-image\" data-id=\"d2d5abf\" data-element_type=\"widget\" data-e-type=\"widget\" data-widget_type=\"image.default\">\n\t\t\t\t<div class=\"elementor-widget-container\">\n\t\t\t\t\t\t\t\t\t\t\t\t\t\t\t<img loading=\"lazy\" decoding=\"async\" width=\"1024\" height=\"677\" src=\"https:\/\/der-photograph.at\/immo\/wp-content\/uploads\/2026\/03\/Plan-1.jpg\" class=\"attachment-large size-large wp-image-2554\" alt=\"plan\" srcset=\"https:\/\/der-photograph.at\/immo\/wp-content\/uploads\/2026\/03\/Plan-1.jpg 1024w, https:\/\/der-photograph.at\/immo\/wp-content\/uploads\/2026\/03\/Plan-1-300x198.jpg 300w, https:\/\/der-photograph.at\/immo\/wp-content\/uploads\/2026\/03\/Plan-1-768x508.jpg 768w\" sizes=\"(max-width: 1024px) 100vw, 1024px\" title=\"Services\">\t\t\t\t\t\t\t\t\t\t\t\t\t\t\t<\/div>\n\t\t\t\t<\/div>\n\t\t\t\t<\/div>\n\t\t\t\t\t<\/div>\n\t\t\t\t<\/div>\n\t\t<div class=\"elementor-element elementor-element-308741f e-flex e-con-boxed e-con e-parent\" data-id=\"308741f\" data-element_type=\"container\" data-e-type=\"container\">\n\t\t\t\t\t<div class=\"e-con-inner\">\n\t\t<div class=\"elementor-element elementor-element-67adc59 e-con-full e-flex e-con e-child\" data-id=\"67adc59\" data-element_type=\"container\" data-e-type=\"container\">\n\t\t\t\t<div class=\"elementor-element elementor-element-82fb5ae elementor-widget elementor-widget-hfe-infocard\" data-id=\"82fb5ae\" data-element_type=\"widget\" data-e-type=\"widget\" data-widget_type=\"hfe-infocard.default\">\n\t\t\t\t<div class=\"elementor-widget-container\">\n\t\t\t\t\t\n\t\t<div class=\"hfe-infocard\">\n\t\t\t\t\t\t\t\t\t<div class=\"hfe-infocard-title-wrap\">\n\t\t\t\t<h3 class=\"hfe-infocard-title elementor-inline-editing\" data-elementor-setting-key=\"infocard_title\" data-elementor-inline-editing-toolbar=\"basic\" >Bisamberg \/ Setzgasse 28<\/h3>\t\t\t<\/div>\n\t\t\t\t\t\t<div class=\"hfe-infocard-text-wrap\">\n\t\t\t\t<div class=\"hfe-infocard-text elementor-inline-editing\" data-elementor-setting-key=\"infocard_description\" data-elementor-inline-editing-toolbar=\"advanced\">\n\t\t\t\t\tHier sieht man die Setzgasse in Bisamberg mit dem Geb\u00e4ude in ruhiger Lage \u2013 eingebettet in den charmanten Weinort am Fu\u00dfe des Bisambergs, umgeben von Natur, Weing\u00e4rten und einer besonders sch\u00f6nen, gr\u00fcnen Umgebung nahe Wien.\t\t\t\t<\/div>\n\t\t\t\t\t\t\t<\/div>\n\t\t<\/div>\n\n\t\t\t\t\t\t<\/div>\n\t\t\t\t<\/div>\n\t\t\t\t<\/div>\n\t\t<div class=\"elementor-element elementor-element-c1195cc e-con-full e-flex e-con e-child\" data-id=\"c1195cc\" data-element_type=\"container\" data-e-type=\"container\">\n\t\t\t\t<div class=\"elementor-element elementor-element-e4aad4a elementor-widget elementor-widget-image\" data-id=\"e4aad4a\" data-element_type=\"widget\" data-e-type=\"widget\" data-widget_type=\"image.default\">\n\t\t\t\t<div class=\"elementor-widget-container\">\n\t\t\t\t\t\t\t\t\t\t\t\t\t\t\t<img loading=\"lazy\" decoding=\"async\" width=\"1024\" height=\"477\" src=\"https:\/\/der-photograph.at\/immo\/wp-content\/uploads\/2026\/03\/Screenshot-2026-03-05-160438-1024x477.png\" class=\"attachment-large size-large wp-image-2506\" alt=\"screenshot 2026 03 05 160438\" srcset=\"https:\/\/der-photograph.at\/immo\/wp-content\/uploads\/2026\/03\/Screenshot-2026-03-05-160438-1024x477.png 1024w, https:\/\/der-photograph.at\/immo\/wp-content\/uploads\/2026\/03\/Screenshot-2026-03-05-160438-300x140.png 300w, https:\/\/der-photograph.at\/immo\/wp-content\/uploads\/2026\/03\/Screenshot-2026-03-05-160438-768x358.png 768w, https:\/\/der-photograph.at\/immo\/wp-content\/uploads\/2026\/03\/Screenshot-2026-03-05-160438-1536x716.png 1536w, https:\/\/der-photograph.at\/immo\/wp-content\/uploads\/2026\/03\/Screenshot-2026-03-05-160438.png 2030w\" sizes=\"(max-width: 1024px) 100vw, 1024px\" title=\"Services\">\t\t\t\t\t\t\t\t\t\t\t\t\t\t\t<\/div>\n\t\t\t\t<\/div>\n\t\t\t\t<\/div>\n\t\t\t\t\t<\/div>\n\t\t\t\t<\/div>\n\t\t<div class=\"elementor-element elementor-element-a07a2b9 e-flex e-con-boxed e-con e-parent\" data-id=\"a07a2b9\" data-element_type=\"container\" data-e-type=\"container\" data-settings=\"{&quot;background_background&quot;:&quot;classic&quot;}\">\n\t\t\t\t\t<div class=\"e-con-inner\">\n\t\t<div class=\"elementor-element elementor-element-db992c8 e-con-full e-flex e-con e-child\" data-id=\"db992c8\" data-element_type=\"container\" data-e-type=\"container\">\n\t\t\t\t<div class=\"elementor-element elementor-element-298d3ac elementor-widget elementor-widget-hfe-infocard\" data-id=\"298d3ac\" data-element_type=\"widget\" data-e-type=\"widget\" data-widget_type=\"hfe-infocard.default\">\n\t\t\t\t<div class=\"elementor-widget-container\">\n\t\t\t\t\t\n\t\t<div class=\"hfe-infocard\">\n\t\t\t\t\t\t\t\t\t<div class=\"hfe-infocard-title-wrap\">\n\t\t\t\t<h3 class=\"hfe-infocard-title elementor-inline-editing\" data-elementor-setting-key=\"infocard_title\" data-elementor-inline-editing-toolbar=\"basic\" >Keine Limits. Nur M\u00f6glichkeiten.<\/h3>\t\t\t<\/div>\n\t\t\t\t\t\t<div class=\"hfe-infocard-text-wrap\">\n\t\t\t\t<div class=\"hfe-infocard-text elementor-inline-editing\" data-elementor-setting-key=\"infocard_description\" data-elementor-inline-editing-toolbar=\"advanced\">\n\t\t\t\t\t<p>Suchst du den richtigen Raum f\u00fcr dein Projekt, dein Gewerbe oder deine Lagerbed\u00fcrfnisse? Interesse oder Fragen zur Nutzung?<br>Ich freue mich \u00fcber deine Anfrage.<\/p>\n<p><br><\/p>\n<h3>&nbsp;<b>0664 35 83 610 \u00b7 florian.biber@gmail.com<br><\/b><b>2102 Bisamberg, Setzgasse 28<\/b><\/h3>\t\t\t\t<\/div>\n\t\t\t\t\t\t\t<\/div>\n\t\t<\/div>\n\n\t\t\t\t\t\t<\/div>\n\t\t\t\t<\/div>\n\t\t\t\t<\/div>\n\t\t\t\t\t<\/div>\n\t\t\t\t<\/div>\n\t\t\t\t<\/div>\n\t\t","protected":false},"excerpt":{"rendered":"<p>Viel Raum f\u00fcr Ideen, Projekte und Unternehmen.Sofort einziehen &amp; loslegen Nach vielen Jahren als Fotostudio wird diese Immobilie mit gro\u00dfz\u00fcgigem Raumangebot in Bisamberg nun neu genutzt. Ich vermiete die Fl\u00e4che flexibel an Unternehmen, Kreative oder Handwerksbetriebe.Direkt vom Eigent\u00fcmer, ohne Provision \u2013 unkompliziert und zu fairen Konditionen. Der Arbeitsbereich mit Galerie &amp; Eingang zur K\u00fcche Ein [&hellip;]<\/p>\n","protected":false},"author":1,"featured_media":0,"parent":0,"menu_order":0,"comment_status":"closed","ping_status":"closed","template":"","meta":{"site-sidebar-layout":"no-sidebar","site-content-layout":"page-builder","ast-site-content-layout":"default","site-content-style":"default","site-sidebar-style":"default","ast-global-header-display":"","ast-banner-title-visibility":"","ast-main-header-display":"","ast-hfb-above-header-display":"","ast-hfb-below-header-display":"","ast-hfb-mobile-header-display":"","site-post-title":"disabled","ast-breadcrumbs-content":"","ast-featured-img":"disabled","footer-sml-layout":"","ast-disable-related-posts":"","theme-transparent-header-meta":"enabled","adv-header-id-meta":"","stick-header-meta":"","header-above-stick-meta":"","header-main-stick-meta":"","header-below-stick-meta":"","astra-migrate-meta-layouts":"default","ast-page-background-enabled":"default","ast-page-background-meta":{"desktop":{"background-color":"var(--ast-global-color-4)","background-image":"","background-repeat":"repeat","background-position":"center center","background-size":"auto","background-attachment":"scroll","background-type":"","background-media":"","overlay-type":"","overlay-color":"","overlay-opacity":"","overlay-gradient":""},"tablet":{"background-color":"","background-image":"","background-repeat":"repeat","background-position":"center center","background-size":"auto","background-attachment":"scroll","background-type":"","background-media":"","overlay-type":"","overlay-color":"","overlay-opacity":"","overlay-gradient":""},"mobile":{"background-color":"","background-image":"","background-repeat":"repeat","background-position":"center center","background-size":"auto","background-attachment":"scroll","background-type":"","background-media":"","overlay-type":"","overlay-color":"","overlay-opacity":"","overlay-gradient":""}},"ast-content-background-meta":{"desktop":{"background-color":"var(--ast-global-color-5)","background-image":"","background-repeat":"repeat","background-position":"center center","background-size":"auto","background-attachment":"scroll","background-type":"","background-media":"","overlay-type":"","overlay-color":"","overlay-opacity":"","overlay-gradient":""},"tablet":{"background-color":"var(--ast-global-color-5)","background-image":"","background-repeat":"repeat","background-position":"center center","background-size":"auto","background-attachment":"scroll","background-type":"","background-media":"","overlay-type":"","overlay-color":"","overlay-opacity":"","overlay-gradient":""},"mobile":{"background-color":"var(--ast-global-color-5)","background-image":"","background-repeat":"repeat","background-position":"center center","background-size":"auto","background-attachment":"scroll","background-type":"","background-media":"","overlay-type":"","overlay-color":"","overlay-opacity":"","overlay-gradient":""}},"footnotes":""},"class_list":["post-1711","page","type-page","status-publish","hentry"],"_links":{"self":[{"href":"https:\/\/der-photograph.at\/immo\/wp-json\/wp\/v2\/pages\/1711","targetHints":{"allow":["GET"]}}],"collection":[{"href":"https:\/\/der-photograph.at\/immo\/wp-json\/wp\/v2\/pages"}],"about":[{"href":"https:\/\/der-photograph.at\/immo\/wp-json\/wp\/v2\/types\/page"}],"author":[{"embeddable":true,"href":"https:\/\/der-photograph.at\/immo\/wp-json\/wp\/v2\/users\/1"}],"replies":[{"embeddable":true,"href":"https:\/\/der-photograph.at\/immo\/wp-json\/wp\/v2\/comments?post=1711"}],"version-history":[{"count":108,"href":"https:\/\/der-photograph.at\/immo\/wp-json\/wp\/v2\/pages\/1711\/revisions"}],"predecessor-version":[{"id":2711,"href":"https:\/\/der-photograph.at\/immo\/wp-json\/wp\/v2\/pages\/1711\/revisions\/2711"}],"wp:attachment":[{"href":"https:\/\/der-photograph.at\/immo\/wp-json\/wp\/v2\/media?parent=1711"}],"curies":[{"name":"wp","href":"https:\/\/api.w.org\/{rel}","templated":true}]}}